{"id":226,"date":"2023-01-20T11:21:01","date_gmt":"2023-01-20T11:21:01","guid":{"rendered":"https:\/\/bestatter.nedigoit.de\/?page_id=226"},"modified":"2023-07-06T08:24:09","modified_gmt":"2023-07-06T08:24:09","slug":"ausbildungszentrum","status":"publish","type":"page","link":"https:\/\/bestatterverband-saar.de\/index.php\/ausbildungszentrum\/","title":{"rendered":"Ausbildungszentrum"},"content":{"rendered":"\n<div class=\"wp-block-nk-awb nk-awb alignfull\"><div class=\"nk-awb-wrap-content is-layout-constrained wp-block-nk-awb-is-layout-constrained\">\n<div class=\"wp-block-nk-awb nk-awb  alignfull\"><div class=\"nk-awb-wrap\" data-awb-type=\"image\" data-awb-parallax=\"scroll\" data-awb-parallax-speed=\"0.5\" data-awb-parallax-mobile=\"true\" data-awb-image-background-size=\"cover\" data-awb-image-background-position=\"50% 50%\"><div class=\"nk-awb-inner\"><img loading=\"lazy\" decoding=\"async\" src=\"https:\/\/bestatterverband-saar.de\/wp-content\/uploads\/2023\/01\/panorama-g24f8780df_1920.jpg\" class=\"wp-image-337 jarallax-img is-layout-constrained wp-block-nk-awb-is-layout-constrained\" width=\"1920\" height=\"556\" srcset=\"https:\/\/bestatterverband-saar.de\/wp-content\/uploads\/2023\/01\/panorama-g24f8780df_1920.jpg 1920w, https:\/\/bestatterverband-saar.de\/wp-content\/uploads\/2023\/01\/panorama-g24f8780df_1920-300x87.jpg 300w, https:\/\/bestatterverband-saar.de\/wp-content\/uploads\/2023\/01\/panorama-g24f8780df_1920-1024x297.jpg 1024w, https:\/\/bestatterverband-saar.de\/wp-content\/uploads\/2023\/01\/panorama-g24f8780df_1920-768x222.jpg 768w, https:\/\/bestatterverband-saar.de\/wp-content\/uploads\/2023\/01\/panorama-g24f8780df_1920-1536x445.jpg 1536w, https:\/\/bestatterverband-saar.de\/wp-content\/uploads\/2023\/01\/panorama-g24f8780df_1920-500x145.jpg 500w, https:\/\/bestatterverband-saar.de\/wp-content\/uploads\/2023\/01\/panorama-g24f8780df_1920-800x232.jpg 800w, https:\/\/bestatterverband-saar.de\/wp-content\/uploads\/2023\/01\/panorama-g24f8780df_1920-1280x371.jpg 1280w\" sizes=\"auto, (max-width: 1920px) 100vw, 1920px\" \/><\/div><\/div>\n\n<div style=\"height:350px\" aria-hidden=\"true\" class=\"wp-block-spacer\"><\/div>\n\n<\/div>\n<\/div><\/div>\n\n\n\n<div style=\"height:25px\" aria-hidden=\"true\" class=\"wp-block-spacer\"><\/div>\n\n\n\n<h2 class=\"wp-block-heading has-text-color\" style=\"color:#2074bc\">M\u00fcnnerstadt weltweit einzigartig<\/h2>\n\n\n\n<div style=\"height:25px\" aria-hidden=\"true\" class=\"wp-block-spacer\"><\/div>\n\n\n\n<div class=\"wp-block-columns is-layout-flex wp-container-core-columns-is-layout-9d6595d7 wp-block-columns-is-layout-flex\">\n<div class=\"wp-block-column is-layout-flow wp-block-column-is-layout-flow\">\n<p>Das moderne Aus- und Weiterbildungszentrum im unterfr\u00e4nkischen M\u00fcnnerstadt ist f\u00fcr den Bundesverband Deutscher Bestatter und&nbsp; den Bestatterverband Bayern ein Herzst\u00fcck zur Qualifikation der Bestatter. Neben dem Seminargeb\u00e4ude mit Unterrichtsr\u00e4umen, R\u00e4umen f\u00fcr Hygienische Versorgung und Thanatopraxie sowie einer Werkstatt und einer Kapelle, ist auch ein Seminarhotel im Bundesausbildungszentrum der Bestatter in M\u00fcnnerstadt zu finden.<\/p>\n\n\n\n<p>Seit 1996 besteht dort auch der weltweit einzigartige Lehrfriedhof. Neben zahlreichen Aus- und Weiterbildungsseminaren findet auf dem Lehrfriedhof auch die Ausbildung im Fach &#8222;Grabtechnik&#8220; f\u00fcr den Ausbildungsberuf &#8222;Bestattungsfachkraft&#8220; und die Fortbildungspr\u00fcfungen zum &#8222;Gepr\u00fcften Bestatter&#8220; und &#8222;Bestattermeister&#8220; statt.<\/p>\n\n\n\n<p>Machen Sie sich einen Eindruck vom <a href=\"https:\/\/my.matterport.com\/show\/?m=r5nRF4562sF\" target=\"_blank\" rel=\"noreferrer noopener\">Bundesausbildungszentrum der Bestatter durch einen 3D-Rundgang<\/a><\/p>\n<\/div>\n\n\n\n<div class=\"wp-block-column is-layout-flow wp-block-column-is-layout-flow\"><div class=\"wp-block-image\">\n<figure class=\"aligncenter size-full\"><img loading=\"lazy\" decoding=\"async\" width=\"400\" height=\"300\" src=\"https:\/\/bestatterverband-saar.de\/wp-content\/uploads\/2023\/01\/muennerstadt.jpg\" alt=\"\" class=\"wp-image-227\" srcset=\"https:\/\/bestatterverband-saar.de\/wp-content\/uploads\/2023\/01\/muennerstadt.jpg 400w, https:\/\/bestatterverband-saar.de\/wp-content\/uploads\/2023\/01\/muennerstadt-300x225.jpg 300w\" sizes=\"auto, (max-width: 400px) 100vw, 400px\" \/><figcaption class=\"wp-element-caption\">Ausbildungszentrum in M\u00fcnnerstadt &#8211; \u00a9 Dr. Gernig<\/figcaption><\/figure>\n<\/div><\/div>\n<\/div>\n\n\n\n<div style=\"height:25px\" aria-hidden=\"true\" class=\"wp-block-spacer\"><\/div>\n\n\n\n<div class=\"wp-block-columns is-layout-flex wp-container-core-columns-is-layout-9d6595d7 wp-block-columns-is-layout-flex\">\n<div class=\"wp-block-column is-layout-flow wp-block-column-is-layout-flow\"><div class=\"wp-block-image\">\n<figure class=\"aligncenter size-full\"><img loading=\"lazy\" decoding=\"async\" width=\"226\" height=\"361\" src=\"https:\/\/bestatterverband-saar.de\/wp-content\/uploads\/2023\/01\/Muennerstadt_Links.jpg\" alt=\"\" class=\"wp-image-228\" srcset=\"https:\/\/bestatterverband-saar.de\/wp-content\/uploads\/2023\/01\/Muennerstadt_Links.jpg 226w, https:\/\/bestatterverband-saar.de\/wp-content\/uploads\/2023\/01\/Muennerstadt_Links-188x300.jpg 188w\" sizes=\"auto, (max-width: 226px) 100vw, 226px\" \/><figcaption class=\"wp-element-caption\">Ausbildungszentrum Ansicht links<\/figcaption><\/figure>\n<\/div><\/div>\n\n\n\n<div class=\"wp-block-column is-layout-flow wp-block-column-is-layout-flow\"><div class=\"wp-block-image\">\n<figure class=\"aligncenter size-full\"><img loading=\"lazy\" decoding=\"async\" width=\"226\" height=\"361\" src=\"https:\/\/bestatterverband-saar.de\/wp-content\/uploads\/2023\/01\/Muennerstadt_Innen.jpg\" alt=\"\" class=\"wp-image-229\" srcset=\"https:\/\/bestatterverband-saar.de\/wp-content\/uploads\/2023\/01\/Muennerstadt_Innen.jpg 226w, https:\/\/bestatterverband-saar.de\/wp-content\/uploads\/2023\/01\/Muennerstadt_Innen-188x300.jpg 188w\" sizes=\"auto, (max-width: 226px) 100vw, 226px\" \/><figcaption class=\"wp-element-caption\">Ausbildungszentrum Ansicht Innen<\/figcaption><\/figure>\n<\/div><\/div>\n\n\n\n<div class=\"wp-block-column is-layout-flow wp-block-column-is-layout-flow\"><div class=\"wp-block-image\">\n<figure class=\"aligncenter size-full\"><img loading=\"lazy\" decoding=\"async\" width=\"226\" height=\"361\" src=\"https:\/\/bestatterverband-saar.de\/wp-content\/uploads\/2023\/01\/Muennerstadt_Aussen_Rechts.jpg\" alt=\"\" class=\"wp-image-230\" srcset=\"https:\/\/bestatterverband-saar.de\/wp-content\/uploads\/2023\/01\/Muennerstadt_Aussen_Rechts.jpg 226w, https:\/\/bestatterverband-saar.de\/wp-content\/uploads\/2023\/01\/Muennerstadt_Aussen_Rechts-188x300.jpg 188w\" sizes=\"auto, (max-width: 226px) 100vw, 226px\" \/><figcaption class=\"wp-element-caption\">Ausbildungszentrum Ansicht Rechts<\/figcaption><\/figure>\n<\/div><\/div>\n<\/div>\n\n\n\n<hr class=\"wp-block-separator has-alpha-channel-opacity is-style-wide\"\/>\n\n\n\n<h2 class=\"wp-block-heading has-text-color\" style=\"color:#2074bc\">Ihre Ansprechpartner<\/h2>\n\n\n\n<div style=\"height:25px\" aria-hidden=\"true\" class=\"wp-block-spacer\"><\/div>\n\n\n\n<div class=\"wp-block-columns is-layout-flex wp-container-core-columns-is-layout-9d6595d7 wp-block-columns-is-layout-flex\">\n<div class=\"wp-block-column is-layout-flow wp-block-column-is-layout-flow\" style=\"flex-basis:66.66%\">\n<p><strong>Frau Sandra Heinze<\/strong><\/p>\n\n\n\n<p>betreut das Bundesausbildungszentrum der Bestatter in M\u00fcnnerstadt und ist Ansprechpartnerin f\u00fcr alle Fragen zur \u00fcberbetrieblichen Unterweisung (\u00dcLU) und zum Pr\u00fcfungswesen im Rahmen der Ausbildung zur Bestattungsfachkraft.<\/p>\n\n\n\n<p>Seminarstr. 8-10<br>97702 M\u00fcnnerstadt<br>Tel.: +49 9733 7871-10<br>Fax: +49 9733 7871-15<\/p>\n\n\n\n<p><a href=\"mailto:heinze@bestatter.de\">(E-Mail)<\/a><\/p>\n<\/div>\n\n\n\n<div class=\"wp-block-column is-layout-flow wp-block-column-is-layout-flow\" style=\"flex-basis:33.33%\"><div class=\"wp-block-image\">\n<figure class=\"aligncenter size-full\"><img loading=\"lazy\" decoding=\"async\" width=\"494\" height=\"329\" src=\"https:\/\/bestatterverband-saar.de\/wp-content\/uploads\/2023\/01\/Muennerstadt-Heinze-Sandra.jpg\" alt=\"\" class=\"wp-image-231\" srcset=\"https:\/\/bestatterverband-saar.de\/wp-content\/uploads\/2023\/01\/Muennerstadt-Heinze-Sandra.jpg 494w, https:\/\/bestatterverband-saar.de\/wp-content\/uploads\/2023\/01\/Muennerstadt-Heinze-Sandra-300x200.jpg 300w, https:\/\/bestatterverband-saar.de\/wp-content\/uploads\/2023\/01\/Muennerstadt-Heinze-Sandra-450x300.jpg 450w\" sizes=\"auto, (max-width: 494px) 100vw, 494px\" \/><\/figure>\n<\/div><\/div>\n<\/div>\n\n\n\n<div style=\"height:25px\" aria-hidden=\"true\" class=\"wp-block-spacer\"><\/div>\n\n\n\n<div class=\"wp-block-columns is-layout-flex wp-container-core-columns-is-layout-9d6595d7 wp-block-columns-is-layout-flex\">\n<div class=\"wp-block-column is-layout-flow wp-block-column-is-layout-flow\" style=\"flex-basis:66.66%\">\n<p><strong>Frau Linda Metz<\/strong><\/p>\n\n\n\n<p>ist am Ausbildungszentrum in M\u00fcnnerstadt zust\u00e4ndig f\u00fcr die Organisation und Durchf\u00fchrung der \u00fcberbetrieblichen Lehrlingsunterweisungen und f\u00fchrt die Auszubildenden-Datei.<\/p>\n\n\n\n<p>Seminarstr. 8-10<br>97702 M\u00fcnnerstadt<br>Tel.: +49 9733 7871-11<br>Fax: +49 9733 7871-15<\/p>\n\n\n\n<p><a href=\"mailto:metz@bestatter.de\">(E-Mail)<\/a><\/p>\n<\/div>\n\n\n\n<div class=\"wp-block-column is-layout-flow wp-block-column-is-layout-flow\" style=\"flex-basis:33.33%\"><div class=\"wp-block-image\">\n<figure class=\"aligncenter size-full\"><img loading=\"lazy\" decoding=\"async\" width=\"494\" height=\"329\" src=\"https:\/\/bestatterverband-saar.de\/wp-content\/uploads\/2023\/01\/Muennerstadt-Metz.jpg\" alt=\"\" class=\"wp-image-232\" srcset=\"https:\/\/bestatterverband-saar.de\/wp-content\/uploads\/2023\/01\/Muennerstadt-Metz.jpg 494w, https:\/\/bestatterverband-saar.de\/wp-content\/uploads\/2023\/01\/Muennerstadt-Metz-300x200.jpg 300w, https:\/\/bestatterverband-saar.de\/wp-content\/uploads\/2023\/01\/Muennerstadt-Metz-450x300.jpg 450w\" sizes=\"auto, (max-width: 494px) 100vw, 494px\" \/><\/figure>\n<\/div><\/div>\n<\/div>\n\n\n\n<div style=\"height:25px\" aria-hidden=\"true\" class=\"wp-block-spacer\"><\/div>\n\n\n\n<div class=\"wp-block-columns is-layout-flex wp-container-core-columns-is-layout-9d6595d7 wp-block-columns-is-layout-flex\">\n<div class=\"wp-block-column is-layout-flow wp-block-column-is-layout-flow\" style=\"flex-basis:66.66%\">\n<p><strong>Frau Martina Bongartz<\/strong><\/p>\n\n\n\n<p>Martina Bongartz ist verantwortlich f\u00fcr die Planung, Organisation und Durchf\u00fchrung der Lehrg\u00e4nge \u201eGepr\u00fcfter Bestatter\u201c, Gepr\u00fcfter Kremationstechniker\u201c, \u201eBestattermeister Teil I und II nach der BestMstrV\u201c sowie des Lehrganges &#8222;Zertifizierter Kremationsassistent&#8220;. Seit dem 01.01.2011 ist sie Qualit\u00e4tsbeauftragte des Fachverlages \u2013 Bereich Fortbildung.<br>&nbsp;<br>Tel.: ++49 (0)211 \/ 16 00 8-22<br>Fax: ++49 (0)211 \/ 16 00 8-50<br><a href=\"mailto:bongartz@bestatter.de\">(E-Mail)<\/a><\/p>\n<\/div>\n\n\n\n<div class=\"wp-block-column is-layout-flow wp-block-column-is-layout-flow\" style=\"flex-basis:33.33%\"><div class=\"wp-block-image\">\n<figure class=\"aligncenter size-full\"><img loading=\"lazy\" decoding=\"async\" width=\"494\" height=\"329\" src=\"https:\/\/bestatterverband-saar.de\/wp-content\/uploads\/2023\/01\/Muennerstadt-Bohngartz.jpg\" alt=\"\" class=\"wp-image-233\" srcset=\"https:\/\/bestatterverband-saar.de\/wp-content\/uploads\/2023\/01\/Muennerstadt-Bohngartz.jpg 494w, https:\/\/bestatterverband-saar.de\/wp-content\/uploads\/2023\/01\/Muennerstadt-Bohngartz-300x200.jpg 300w, https:\/\/bestatterverband-saar.de\/wp-content\/uploads\/2023\/01\/Muennerstadt-Bohngartz-450x300.jpg 450w\" sizes=\"auto, (max-width: 494px) 100vw, 494px\" \/><\/figure>\n<\/div><\/div>\n<\/div>\n\n\n\n<div style=\"height:25px\" aria-hidden=\"true\" class=\"wp-block-spacer\"><\/div>\n\n\n\n<div class=\"wp-block-columns is-layout-flex wp-container-core-columns-is-layout-9d6595d7 wp-block-columns-is-layout-flex\">\n<div class=\"wp-block-column is-layout-flow wp-block-column-is-layout-flow\" style=\"flex-basis:66.66%\">\n<p><strong>Frau Bianca Cambruzzi<\/strong><\/p>\n\n\n\n<p>Bianca Cambruzzi ist verantwortlich f\u00fcr die Planung, Organisation und Durchf\u00fchrung der Seminare rund um das Thema Weiterbildung, Ausbildereignung (ADA), Teil III der Meisterpr\u00fcfung BWL-Intensivkurs sowie f\u00fcr die Lehrg\u00e4nge \u201egepr\u00fcfte\/r Thanatopraktikerin\/Thanatopraktiker\u201c sowie \u201eB\u00fcrokommunikationsfachwirt\/in f\u00fcr das Bestattungsgewerbe\u201c.<br>&nbsp;<br>Tel.: ++49 (0)211 \/ 16 00 8-29<br>Fax: ++49 (0)211 \/ 16 00 8-50<br><a href=\"mailto:cambruzzi@bestatter.de\">(E-Mail)<\/a><\/p>\n<\/div>\n\n\n\n<div class=\"wp-block-column is-layout-flow wp-block-column-is-layout-flow\" style=\"flex-basis:33.33%\"><div class=\"wp-block-image\">\n<figure class=\"aligncenter size-full\"><img loading=\"lazy\" decoding=\"async\" width=\"494\" height=\"329\" src=\"https:\/\/bestatterverband-saar.de\/wp-content\/uploads\/2023\/01\/Muennerstadt-Cambruzzi.jpg\" alt=\"\" class=\"wp-image-234\" srcset=\"https:\/\/bestatterverband-saar.de\/wp-content\/uploads\/2023\/01\/Muennerstadt-Cambruzzi.jpg 494w, https:\/\/bestatterverband-saar.de\/wp-content\/uploads\/2023\/01\/Muennerstadt-Cambruzzi-300x200.jpg 300w, https:\/\/bestatterverband-saar.de\/wp-content\/uploads\/2023\/01\/Muennerstadt-Cambruzzi-450x300.jpg 450w\" sizes=\"auto, (max-width: 494px) 100vw, 494px\" \/><\/figure>\n<\/div><\/div>\n<\/div>\n\n\n\n<div style=\"height:25px\" aria-hidden=\"true\" class=\"wp-block-spacer\"><\/div>\n\n\n\n<div class=\"wp-block-columns is-layout-flex wp-container-core-columns-is-layout-9d6595d7 wp-block-columns-is-layout-flex\">\n<div class=\"wp-block-column is-layout-flow wp-block-column-is-layout-flow\" style=\"flex-basis:66.66%\">\n<p><strong>Frau Anke Linder<\/strong><\/p>\n\n\n\n<p>beantragt die Bundes-, Landes- und ESF-Mittel f\u00fcr die \u00dcberbetrieblichen Lehrlingsunterweisungen (\u00dcLU) der Bestattungsfachkr\u00e4fte. Sie ist verantwortlich f\u00fcr die Pr\u00fcfung und Einreichung der Berufsausbildungsvertr\u00e4ge bei den zust\u00e4ndigen Hankwerkskammern. Gerne beantwortet sie auch alle Fragen zur Ausbildung \u201eBestattungsfachkraft\u201c und ist zust\u00e4ndig f\u00fcr die Durchf\u00fchrung des Bundesleistungswettbewerbes ZDH f\u00fcr die Bestattungsfachkr\u00e4fte.<br>&nbsp;<br>Tel.: ++49 (0)211 \/ 16 00 8-53<br>Fax: ++49 (0)211 \/ 16 00 8-50<br><a href=\"mailto:linder@bestatter.de\">(E-Mail)<\/a><\/p>\n<\/div>\n\n\n\n<div class=\"wp-block-column is-layout-flow wp-block-column-is-layout-flow\" style=\"flex-basis:33.33%\"><div class=\"wp-block-image\">\n<figure class=\"aligncenter size-full\"><img loading=\"lazy\" decoding=\"async\" width=\"494\" height=\"329\" src=\"https:\/\/bestatterverband-saar.de\/wp-content\/uploads\/2023\/01\/Muennerstadt-Linder.jpg\" alt=\"\" class=\"wp-image-235\" srcset=\"https:\/\/bestatterverband-saar.de\/wp-content\/uploads\/2023\/01\/Muennerstadt-Linder.jpg 494w, https:\/\/bestatterverband-saar.de\/wp-content\/uploads\/2023\/01\/Muennerstadt-Linder-300x200.jpg 300w, https:\/\/bestatterverband-saar.de\/wp-content\/uploads\/2023\/01\/Muennerstadt-Linder-450x300.jpg 450w\" sizes=\"auto, (max-width: 494px) 100vw, 494px\" \/><\/figure>\n<\/div><\/div>\n<\/div>\n","protected":false},"excerpt":{"rendered":"<p>M\u00fcnnerstadt weltweit einzigartig Das moderne Aus- und Weiterbildungszentrum im unterfr\u00e4nkischen M\u00fcnnerstadt ist f\u00fcr den Bundesverband Deutscher Bestatter und&nbsp; den Bestatterverband Bayern ein Herzst\u00fcck zur Qualifikation der Bestatter. Neben dem Seminargeb\u00e4ude mit Unterrichtsr\u00e4umen, R\u00e4umen f\u00fcr Hygienische Versorgung und Thanatopraxie sowie einer<a class=\"more-link\" href=\"https:\/\/bestatterverband-saar.de\/index.php\/ausbildungszentrum\/\" title=\"Ausbildungszentrum\"><span>Read more<\/span><\/a><\/p>\n","protected":false},"author":1,"featured_media":0,"parent":0,"menu_order":0,"comment_status":"closed","ping_status":"closed","template":"","meta":{"footnotes":""},"class_list":["post-226","page","type-page","status-publish","hentry"],"_links":{"self":[{"href":"https:\/\/bestatterverband-saar.de\/index.php\/wp-json\/wp\/v2\/pages\/226","targetHints":{"allow":["GET"]}}],"collection":[{"href":"https:\/\/bestatterverband-saar.de\/index.php\/wp-json\/wp\/v2\/pages"}],"about":[{"href":"https:\/\/bestatterverband-saar.de\/index.php\/wp-json\/wp\/v2\/types\/page"}],"author":[{"embeddable":true,"href":"https:\/\/bestatterverband-saar.de\/index.php\/wp-json\/wp\/v2\/users\/1"}],"replies":[{"embeddable":true,"href":"https:\/\/bestatterverband-saar.de\/index.php\/wp-json\/wp\/v2\/comments?post=226"}],"version-history":[{"count":6,"href":"https:\/\/bestatterverband-saar.de\/index.php\/wp-json\/wp\/v2\/pages\/226\/revisions"}],"predecessor-version":[{"id":526,"href":"https:\/\/bestatterverband-saar.de\/index.php\/wp-json\/wp\/v2\/pages\/226\/revisions\/526"}],"wp:attachment":[{"href":"https:\/\/bestatterverband-saar.de\/index.php\/wp-json\/wp\/v2\/media?parent=226"}],"curies":[{"name":"wp","href":"https:\/\/api.w.org\/{rel}","templated":true}]}}